{"id":1184,"date":"2026-04-29T11:29:49","date_gmt":"2026-04-29T08:29:49","guid":{"rendered":"http:\/\/support.simplbooks.fi\/fi\/?post_type=ht_kb&#038;p=1184"},"modified":"2026-04-29T11:46:53","modified_gmt":"2026-04-29T08:46:53","slug":"arvonlisaveroilmoituksen-antaminen","status":"publish","type":"ht_kb","link":"https:\/\/support.simplbooks.fi\/fi\/kayttoohjeet\/arvonlisaveroilmoituksen-antaminen\/","title":{"rendered":"Arvonlis\u00e4veroilmoituksen antaminen"},"content":{"rendered":"\n<p><strong>T\u00e4ss\u00e4 ohjeessa kerrotaan, miten arvonlis\u00e4verokausi suljetaan ja mill\u00e4 tavoin arvonlis\u00e4veroilmoitus voidaan l\u00e4hett\u00e4\u00e4.<\/strong><\/p>\n\n\n\n<p>\ud83d\udce2 <strong>SimplBooksissa arvonlis\u00e4verokausi tulee aina sulkea arvonlis\u00e4verolaskelman kautta. <\/strong><\/p>\n\n\n\n<div class=\"su-box su-box-style-default\" id=\"\" style=\"border-color:#002222;border-radius:8px\"><div class=\"su-box-title\" style=\"background-color:#295555;color:#ffffff;border-top-left-radius:6px;border-top-right-radius:6px\">Pikaohje<\/div><div class=\"su-box-content su-u-clearfix su-u-trim\" style=\"border-bottom-left-radius:6px;border-bottom-right-radius:6px\">\n\n\n\n<p><strong>Pikaohje:<\/strong><\/p>\n\n\n\n<ol class=\"wp-block-list\">\n<li>Kun kirjanpito on valmis, mene kohtaan Kirjanpito &gt; Arvonlis\u00e4verolaskelma.<\/li>\n\n\n\n<li>Valitse arvonlis\u00e4verokausi (kausi on aina 1kk, 3kk tai 12kk). <\/li>\n\n\n\n<li>Tarkista tiedot ja sulje kausi sivun alareunasta painikkeesta &#8221;Tallenna kirjaus&#8221;. Samalla muodostuu alv:n sulkukirjaus.<\/li>\n\n\n\n<li>L\u00e4het\u00e4 arvonlis\u00e4veroilmoitus suoraan ohjelmasta ALV-painikkeesta TAI<\/li>\n\n\n\n<li>Tulosta alv-laskelma pdf-muodossa kohdasta &#8221;Vienti&#8221; ja l\u00e4het\u00e4 alv-ilmoitus itse OmaVerossa.<\/li>\n<\/ol>\n\n\n\n<\/div><\/div>\n\n\n\n<div class=\"su-note\"  style=\"border-color:#c0d4c3;border-radius:8px;-moz-border-radius:8px;-webkit-border-radius:8px;\"><div class=\"su-note-inner su-u-clearfix su-u-trim\" style=\"background-color:#DAEEDD;border-color:#ffffff;color:#333333;border-radius:8px;-moz-border-radius:8px;-webkit-border-radius:8px;\">\n\n\n\n<p><strong>HUOM: 1.1.2026 tapahtuneeseen 14% arvonlis\u00e4verokannan muutokseen <\/strong>liittyv\u00e4n ohjeen asetusten tarkistamiseksi l\u00f6yd\u00e4t klikkaamalla <a href=\"https:\/\/support.simplbooks.fi\/fi\/kayttoohjeet\/arvonlisaveroasetukset-1-9-2024-alkaen\/\" target=\"_blank\" rel=\"noreferrer noopener\">t\u00e4st\u00e4<\/a>.<\/p>\n\n\n\n<\/div><\/div>\n\n\n\n<div style=\"height:35px\" aria-hidden=\"true\" class=\"wp-block-spacer\"><\/div>\n\n\n\n<hr class=\"wp-block-separator has-alpha-channel-opacity\"\/>\n\n\n\n<div style=\"height:35px\" aria-hidden=\"true\" class=\"wp-block-spacer\"><\/div>\n\n\n\n<h4 class=\"wp-block-heading\" id=\"laajempi-ohje\" ><strong>LAAJEMPI OHJE<\/strong><\/h4>\n\n\n\n<p>Tarkista, ett\u00e4 kaikki arvonlis\u00e4veroon vaikuttavat laskut ja kirjaukset on tehty ennen alv-kauden sulkemista ja alv-ilmoituksen l\u00e4hett\u00e4mist\u00e4.<\/p>\n\n\n\n<hr class=\"wp-block-separator has-alpha-channel-opacity\"\/>\n\n\n\n<div style=\"height:36px\" aria-hidden=\"true\" class=\"wp-block-spacer\"><\/div>\n\n\n\n<p><strong>1. ARVONLIS\u00c4VEROLASKELMA<\/strong><\/p>\n\n\n\n<p>Mene kohtaan <strong>Kirjanpito &gt; Arvonlis\u00e4verolaskelma<\/strong>.<\/p>\n\n\n\n<figure class=\"wp-block-image size-large\"><a href=\"https:\/\/support.simplbooks.fi\/fi\/wp-content\/uploads\/2024\/03\/Alv-laskelma.png\"><img loading=\"lazy\" decoding=\"async\" width=\"1024\" height=\"482\" src=\"https:\/\/support.simplbooks.fi\/fi\/wp-content\/uploads\/2024\/03\/Alv-laskelma-1024x482.png\" alt=\"\" class=\"wp-image-9644\" srcset=\"https:\/\/support.simplbooks.fi\/fi\/wp-content\/uploads\/2024\/03\/Alv-laskelma-1024x482.png 1024w, https:\/\/support.simplbooks.fi\/fi\/wp-content\/uploads\/2024\/03\/Alv-laskelma-300x141.png 300w, https:\/\/support.simplbooks.fi\/fi\/wp-content\/uploads\/2024\/03\/Alv-laskelma-768x361.png 768w, https:\/\/support.simplbooks.fi\/fi\/wp-content\/uploads\/2024\/03\/Alv-laskelma-50x24.png 50w, https:\/\/support.simplbooks.fi\/fi\/wp-content\/uploads\/2024\/03\/Alv-laskelma-1536x722.png 1536w, https:\/\/support.simplbooks.fi\/fi\/wp-content\/uploads\/2024\/03\/Alv-laskelma-920x433.png 920w, https:\/\/support.simplbooks.fi\/fi\/wp-content\/uploads\/2024\/03\/Alv-laskelma-600x282.png 600w, https:\/\/support.simplbooks.fi\/fi\/wp-content\/uploads\/2024\/03\/Alv-laskelma-320x150.png 320w, https:\/\/support.simplbooks.fi\/fi\/wp-content\/uploads\/2024\/03\/Alv-laskelma.png 1580w\" sizes=\"auto, (max-width: 1024px) 100vw, 1024px\" \/><\/a><\/figure>\n\n\n\n<div style=\"height:22px\" aria-hidden=\"true\" class=\"wp-block-spacer\"><\/div>\n\n\n\n<p>Valitse haluamasi kausi pikapainikkeesta tai m\u00e4\u00e4rit\u00e4 kausi p\u00e4iv\u00e4m\u00e4\u00e4r\u00e4kenttiin.<\/p>\n\n\n\n<ul class=\"wp-block-list\">\n<li>Arvonlis\u00e4vero ilmoitetaan aina joko 1 kk, 3 kk tai 12 kk jaksoissa.<\/li>\n\n\n\n<li>Valittuasi esimerkiksi 3 kk kauden, voit liikkua nuolilla eteenp\u00e4in ja taaksep\u00e4in valitun kauden mukaisesti.<\/li>\n<\/ul>\n\n\n\n<figure class=\"wp-block-image size-full\"><a href=\"https:\/\/support.simplbooks.fi\/fi\/wp-content\/uploads\/2024\/03\/Alv-kausi.png\"><img loading=\"lazy\" decoding=\"async\" width=\"1580\" height=\"498\" src=\"https:\/\/support.simplbooks.fi\/fi\/wp-content\/uploads\/2024\/03\/Alv-kausi.png\" alt=\"\" class=\"wp-image-9646\" srcset=\"https:\/\/support.simplbooks.fi\/fi\/wp-content\/uploads\/2024\/03\/Alv-kausi.png 1580w, https:\/\/support.simplbooks.fi\/fi\/wp-content\/uploads\/2024\/03\/Alv-kausi-300x95.png 300w, https:\/\/support.simplbooks.fi\/fi\/wp-content\/uploads\/2024\/03\/Alv-kausi-1024x323.png 1024w, https:\/\/support.simplbooks.fi\/fi\/wp-content\/uploads\/2024\/03\/Alv-kausi-768x242.png 768w, https:\/\/support.simplbooks.fi\/fi\/wp-content\/uploads\/2024\/03\/Alv-kausi-50x16.png 50w, https:\/\/support.simplbooks.fi\/fi\/wp-content\/uploads\/2024\/03\/Alv-kausi-1536x484.png 1536w, https:\/\/support.simplbooks.fi\/fi\/wp-content\/uploads\/2024\/03\/Alv-kausi-920x290.png 920w, https:\/\/support.simplbooks.fi\/fi\/wp-content\/uploads\/2024\/03\/Alv-kausi-600x189.png 600w, https:\/\/support.simplbooks.fi\/fi\/wp-content\/uploads\/2024\/03\/Alv-kausi-320x101.png 320w\" sizes=\"auto, (max-width: 1580px) 100vw, 1580px\" \/><\/a><\/figure>\n\n\n\n<div style=\"height:22px\" aria-hidden=\"true\" class=\"wp-block-spacer\"><\/div>\n\n\n\n<p><strong>Ohjelma laskee maksettavan tai palautukseen oikeuttavan arvonlis\u00e4veron <\/strong>myynteihin ja ostoihin sis\u00e4ltyv\u00e4n arvonlis\u00e4veron erotuksena.<\/p>\n\n\n\n<ul class=\"wp-block-list\">\n<li>Tiedot tulevat laskelmalle kirjauksilla ja laskuilla valittujen alv-kantojen mukaisesti.<\/li>\n\n\n\n<li>Jos lis\u00e4\u00e4t ohjelmaan alv-kantoja, tarkista sen j\u00e4lkeen my\u00f6s alv-laskelman asetukset. <\/li>\n<\/ul>\n\n\n\n<div class=\"su-note\"  style=\"border-color:#c0d4c3;border-radius:8px;-moz-border-radius:8px;-webkit-border-radius:8px;\"><div class=\"su-note-inner su-u-clearfix su-u-trim\" style=\"background-color:#DAEEDD;border-color:#ffffff;color:#333333;border-radius:8px;-moz-border-radius:8px;-webkit-border-radius:8px;\">\ud83d\udca1 <strong>Vinkki<\/strong>: <strong>Pikapainikkeiden kaudet m\u00e4\u00e4r\u00e4ytyv\u00e4t asetuksissa valitun alv-kauden mukaan.<\/strong> Tarvittaessa voit muuttaa kauden kohdassa <strong>Asetukset &gt; Ymp\u00e4rist\u00f6asetukset &gt; Yleiset asetukset<\/strong> valitsemalla arvonlis\u00e4verokausi -kentt\u00e4\u00e4n oikean kauden.<\/p>\n\n\n\n<figure class=\"wp-block-image size-large\"><a href=\"https:\/\/support.simplbooks.fi\/fi\/wp-content\/uploads\/2026\/04\/Asetukset-alvkausi.png\"><img loading=\"lazy\" decoding=\"async\" width=\"1024\" height=\"617\" src=\"https:\/\/support.simplbooks.fi\/fi\/wp-content\/uploads\/2026\/04\/Asetukset-alvkausi-1024x617.png\" alt=\"\" class=\"wp-image-9662\" srcset=\"https:\/\/support.simplbooks.fi\/fi\/wp-content\/uploads\/2026\/04\/Asetukset-alvkausi-1024x617.png 1024w, https:\/\/support.simplbooks.fi\/fi\/wp-content\/uploads\/2026\/04\/Asetukset-alvkausi-300x181.png 300w, https:\/\/support.simplbooks.fi\/fi\/wp-content\/uploads\/2026\/04\/Asetukset-alvkausi-768x463.png 768w, https:\/\/support.simplbooks.fi\/fi\/wp-content\/uploads\/2026\/04\/Asetukset-alvkausi-50x30.png 50w, https:\/\/support.simplbooks.fi\/fi\/wp-content\/uploads\/2026\/04\/Asetukset-alvkausi-1536x925.png 1536w, https:\/\/support.simplbooks.fi\/fi\/wp-content\/uploads\/2026\/04\/Asetukset-alvkausi-920x554.png 920w, https:\/\/support.simplbooks.fi\/fi\/wp-content\/uploads\/2026\/04\/Asetukset-alvkausi-600x362.png 600w, https:\/\/support.simplbooks.fi\/fi\/wp-content\/uploads\/2026\/04\/Asetukset-alvkausi-320x193.png 320w, https:\/\/support.simplbooks.fi\/fi\/wp-content\/uploads\/2026\/04\/Asetukset-alvkausi.png 1580w\" sizes=\"auto, (max-width: 1024px) 100vw, 1024px\" \/><\/a><\/figure>\n\n\n\n<div style=\"height:22px\" aria-hidden=\"true\" class=\"wp-block-spacer\"><\/div>\n\n\n\n<\/div><\/div>\n\n\n\n<div style=\"height:35px\" aria-hidden=\"true\" class=\"wp-block-spacer\"><\/div>\n\n\n\n<hr class=\"wp-block-separator has-alpha-channel-opacity\"\/>\n\n\n\n<div style=\"height:35px\" aria-hidden=\"true\" class=\"wp-block-spacer\"><\/div>\n\n\n\n<p><strong>2. ALV-KAUDEN SULKEMINEN OHJELMASSA<\/strong><\/p>\n\n\n\n<p><strong>Sulje valmis alv-kausi tallentamalla arvonlis\u00e4veron sulkukirjaus.<\/strong> Alv-kauden sulkukirjaus n\u00e4kyy alv-laskelman sivun alareunassa, sen p\u00e4iv\u00e4ys kirjanpidossa on valitun kauden viimeinen p\u00e4iv\u00e4.<\/p>\n\n\n\n<figure class=\"wp-block-image size-full\"><a href=\"https:\/\/support.simplbooks.fi\/fi\/wp-content\/uploads\/2024\/03\/Alv-kirjaus.png\"><img loading=\"lazy\" decoding=\"async\" width=\"1580\" height=\"726\" src=\"https:\/\/support.simplbooks.fi\/fi\/wp-content\/uploads\/2024\/03\/Alv-kirjaus.png\" alt=\"\" class=\"wp-image-9650\" srcset=\"https:\/\/support.simplbooks.fi\/fi\/wp-content\/uploads\/2024\/03\/Alv-kirjaus.png 1580w, https:\/\/support.simplbooks.fi\/fi\/wp-content\/uploads\/2024\/03\/Alv-kirjaus-300x138.png 300w, https:\/\/support.simplbooks.fi\/fi\/wp-content\/uploads\/2024\/03\/Alv-kirjaus-1024x471.png 1024w, https:\/\/support.simplbooks.fi\/fi\/wp-content\/uploads\/2024\/03\/Alv-kirjaus-768x353.png 768w, https:\/\/support.simplbooks.fi\/fi\/wp-content\/uploads\/2024\/03\/Alv-kirjaus-50x23.png 50w, https:\/\/support.simplbooks.fi\/fi\/wp-content\/uploads\/2024\/03\/Alv-kirjaus-1536x706.png 1536w, https:\/\/support.simplbooks.fi\/fi\/wp-content\/uploads\/2024\/03\/Alv-kirjaus-920x423.png 920w, https:\/\/support.simplbooks.fi\/fi\/wp-content\/uploads\/2024\/03\/Alv-kirjaus-600x276.png 600w, https:\/\/support.simplbooks.fi\/fi\/wp-content\/uploads\/2024\/03\/Alv-kirjaus-320x147.png 320w\" sizes=\"auto, (max-width: 1580px) 100vw, 1580px\" \/><\/a><\/figure>\n\n\n\n<div class=\"su-note\"  style=\"border-color:#c0d4c3;border-radius:8px;-moz-border-radius:8px;-webkit-border-radius:8px;\"><div class=\"su-note-inner su-u-clearfix su-u-trim\" style=\"background-color:#DAEEDD;border-color:#ffffff;color:#333333;border-radius:8px;-moz-border-radius:8px;-webkit-border-radius:8px;\">\ud83d\udce2 <strong>Huom! Jos kirjaukselle tulee suuri summa t\u00e4sm\u00e4ytysero -tilille, t\u00e4ytyy selvitt\u00e4\u00e4 mist\u00e4 t\u00e4m\u00e4 johtuu ja korjata kirjaukset.<\/strong> Muutaman sentin t\u00e4sm\u00e4ytyserot ovat normaaleja, eik\u00e4 niihin tarvitse kiinnitt\u00e4\u00e4 huomiota.<\/div><\/div>\n\n\n\n<p>Ostojen v\u00e4hennett\u00e4v\u00e4 alv kirjautuu oletuksena tilille 1845 ja myyntien maksettava alv tilille 2940. Arvonlis\u00e4verolaskelmalta teht\u00e4v\u00e4 sulkukirjaus nollaa alv-saamisen, alv-velan sek\u00e4 k\u00e4\u00e4nteisen alv:n saldot ja kirjaa erotuksen maksettavan arvonlis\u00e4veron tilille 2939. Kun alv maksetaan tai saadaan palautuksena, kirjataan se tilille 2939, jolloin saldo nollaantuu.<\/p>\n\n\n\n<div class=\"su-note\"  style=\"border-color:#c0d4c3;border-radius:8px;-moz-border-radius:8px;-webkit-border-radius:8px;\"><div class=\"su-note-inner su-u-clearfix su-u-trim\" style=\"background-color:#DAEEDD;border-color:#ffffff;color:#333333;border-radius:8px;-moz-border-radius:8px;-webkit-border-radius:8px;\"> \ud83d\udce2 <strong>Huom! Tileille 1845 ja 2940 ei saa tehd\u00e4 kirjauksia k\u00e4sin, koska se sekoittaa automaattikirjaukset.<\/strong> Kyseisten tilien saldo taseessa pit\u00e4\u00e4 olla aina nolla alv-kauden p\u00e4\u00e4ttyess\u00e4.<\/div><\/div>\n\n\n\n<div style=\"height:35px\" aria-hidden=\"true\" class=\"wp-block-spacer\"><\/div>\n\n\n\n<hr class=\"wp-block-separator has-alpha-channel-opacity\"\/>\n\n\n\n<div style=\"height:35px\" aria-hidden=\"true\" class=\"wp-block-spacer\"><\/div>\n\n\n\n<p><strong>3. ARVONLIS\u00c4VEROILMOITUS<\/strong><\/p>\n\n\n\n<p><strong>Voit l\u00e4hett\u00e4\u00e4 arvonlis\u00e4veroilmoituksen suoraan ohjelmasta aktivoimalla Vero API -integraation.<\/strong> Alv-ilmoituksen l\u00e4hett\u00e4minen ohjelmasta on maksutonta. Katso <a href=\"https:\/\/support.simplbooks.fi\/fi\/kayttoohjeet\/alv-integraation-luonti-ja-arvonlisaveroilmoituksen-lahettattaminen-verottajalle\/\" data-type=\"URL\" data-id=\"https:\/\/support.simplbooks.fi\/fi\/kayttoohjeet\/alv-integraation-luonti-ja-arvonlisaveroilmoituksen-lahettattaminen-verottajalle\/\" target=\"_blank\" rel=\"noreferrer noopener\">t\u00e4st\u00e4<\/a> ohje, miten saat integraation k\u00e4ytt\u00f6\u00f6n ja miten ilmoitus l\u00e4hetet\u00e4\u00e4n.<\/p>\n\n\n\n<p>Halutessasi <strong>voit my\u00f6s antaa arvonlis\u00e4veroilmoituksen OmaVerossa<\/strong> arvonlis\u00e4verolaskelman perusteella. Arvonlis\u00e4veroilmoituksen antamisesta voit lukea lis\u00e4\u00e4 verottajan ohjeesta: <a rel=\"noreferrer noopener\" href=\"https:\/\/vero.fi\/yritykset-ja-yhteisot\/verot-ja-maksut\/arvonlisaverotus\/ilmoitus-ja-maksuohjeet\/\" data-type=\"URL\" data-id=\"https:\/\/vero.fi\/yritykset-ja-yhteisot\/verot-ja-maksut\/arvonlisaverotus\/ilmoitus-ja-maksuohjeet\/\" target=\"_blank\">Arvonlis\u00e4veron ilmoitus- ja maksuohjeet<\/a>.<\/p>\n\n\n\n<p><strong>Halutessasi voit tulostaa laskelman itsellesi talteen <\/strong>valitsemalla Toiminnot -valikosta &#8221;Vie laskelma&#8221; ja valitsemalla vientin\u00e4kym\u00e4ss\u00e4 joko &#8221;PDF-asiakirja&#8221; tai &#8221;Tulostuksen esikatselu&#8221;.<\/p>\n\n\n\n<figure class=\"wp-block-image size-full\"><a href=\"https:\/\/support.simplbooks.fi\/fi\/wp-content\/uploads\/2024\/03\/Alv-tallennus.png\"><img loading=\"lazy\" decoding=\"async\" width=\"1580\" height=\"416\" src=\"https:\/\/support.simplbooks.fi\/fi\/wp-content\/uploads\/2024\/03\/Alv-tallennus.png\" alt=\"\" class=\"wp-image-9652\" srcset=\"https:\/\/support.simplbooks.fi\/fi\/wp-content\/uploads\/2024\/03\/Alv-tallennus.png 1580w, https:\/\/support.simplbooks.fi\/fi\/wp-content\/uploads\/2024\/03\/Alv-tallennus-300x79.png 300w, https:\/\/support.simplbooks.fi\/fi\/wp-content\/uploads\/2024\/03\/Alv-tallennus-1024x270.png 1024w, https:\/\/support.simplbooks.fi\/fi\/wp-content\/uploads\/2024\/03\/Alv-tallennus-768x202.png 768w, https:\/\/support.simplbooks.fi\/fi\/wp-content\/uploads\/2024\/03\/Alv-tallennus-50x13.png 50w, https:\/\/support.simplbooks.fi\/fi\/wp-content\/uploads\/2024\/03\/Alv-tallennus-1536x404.png 1536w, https:\/\/support.simplbooks.fi\/fi\/wp-content\/uploads\/2024\/03\/Alv-tallennus-920x242.png 920w, https:\/\/support.simplbooks.fi\/fi\/wp-content\/uploads\/2024\/03\/Alv-tallennus-600x158.png 600w, https:\/\/support.simplbooks.fi\/fi\/wp-content\/uploads\/2024\/03\/Alv-tallennus-320x84.png 320w\" sizes=\"auto, (max-width: 1580px) 100vw, 1580px\" \/><\/a><\/figure>\n\n\n\n<figure class=\"wp-block-image size-large\"><a href=\"https:\/\/support.simplbooks.fi\/fi\/wp-content\/uploads\/2024\/03\/Alv-tallennus1.png\"><img loading=\"lazy\" decoding=\"async\" width=\"1024\" height=\"242\" src=\"https:\/\/support.simplbooks.fi\/fi\/wp-content\/uploads\/2024\/03\/Alv-tallennus1-1024x242.png\" alt=\"\" class=\"wp-image-9654\" srcset=\"https:\/\/support.simplbooks.fi\/fi\/wp-content\/uploads\/2024\/03\/Alv-tallennus1-1024x242.png 1024w, https:\/\/support.simplbooks.fi\/fi\/wp-content\/uploads\/2024\/03\/Alv-tallennus1-300x71.png 300w, https:\/\/support.simplbooks.fi\/fi\/wp-content\/uploads\/2024\/03\/Alv-tallennus1-768x182.png 768w, https:\/\/support.simplbooks.fi\/fi\/wp-content\/uploads\/2024\/03\/Alv-tallennus1-50x12.png 50w, https:\/\/support.simplbooks.fi\/fi\/wp-content\/uploads\/2024\/03\/Alv-tallennus1-1536x364.png 1536w, https:\/\/support.simplbooks.fi\/fi\/wp-content\/uploads\/2024\/03\/Alv-tallennus1-920x218.png 920w, https:\/\/support.simplbooks.fi\/fi\/wp-content\/uploads\/2024\/03\/Alv-tallennus1-600x142.png 600w, https:\/\/support.simplbooks.fi\/fi\/wp-content\/uploads\/2024\/03\/Alv-tallennus1-320x76.png 320w, https:\/\/support.simplbooks.fi\/fi\/wp-content\/uploads\/2024\/03\/Alv-tallennus1.png 1580w\" sizes=\"auto, (max-width: 1024px) 100vw, 1024px\" \/><\/a><\/figure>\n\n\n\n<div style=\"height:22px\" aria-hidden=\"true\" class=\"wp-block-spacer\"><\/div>\n\n\n\n<div class=\"su-note\"  style=\"border-color:#c0d4c3;border-radius:8px;-moz-border-radius:8px;-webkit-border-radius:8px;\"><div class=\"su-note-inner su-u-clearfix su-u-trim\" style=\"background-color:#DAEEDD;border-color:#ffffff;color:#333333;border-radius:8px;-moz-border-radius:8px;-webkit-border-radius:8px;\">\ud83d\udce2 <strong>HUOM! <\/strong>Jos teet jo suljetulle kaudelle kirjanpitoon (arvonlis\u00e4verollisia) muutoksia sen j\u00e4lkeen kun arvonlis\u00e4veron sulkukirjaus on tallennettu ja alv-ilmoitus l\u00e4hetetty, <strong>sulkukirjaus pit\u00e4\u00e4 poistaa ja tehd\u00e4 uudestaan<\/strong> sek\u00e4 <strong>alv-ilmoitus l\u00e4hett\u00e4\u00e4 uudestaan<\/strong> muutosten j\u00e4lkeen.<\/p>\n\n\n\n<p>Voit poistaa sulkukirjauksen menem\u00e4ll\u00e4 <strong>Kirjanpito &gt; Arvonlis\u00e4verolaskelma<\/strong>, valitsemalla oikean kauden ja klikkaamalla sivun alareunasta painiketta &#8221;<strong>Poista tapahtuma<\/strong>&#8221;. <\/div><\/div>\n\n\n\n<div style=\"height:35px\" aria-hidden=\"true\" class=\"wp-block-spacer\"><\/div>\n\n\n\n<hr class=\"wp-block-separator has-alpha-channel-opacity\"\/>\n\n\n\n<div style=\"height:35px\" aria-hidden=\"true\" class=\"wp-block-spacer\"><\/div>\n\n\n\n<p><strong>4. KIRJANPIDON LUKITSEMINEN<\/strong><\/p>\n\n\n\n<p>\ud83d\udce2 <strong>Kun kirjanpito on tehty ja arvonlis\u00e4veron sulkukirjaus tallennettu, suosittelemme lukitsemaan kirjaukset, ettei vanhalle kaudelle tehd\u00e4 vahingossa kirjauksia.<\/strong><\/p>\n\n\n\n<p>Kirjaukset lukitaan kohdasta <strong>Asetukset &gt; Ymp\u00e4rist\u00f6asetukset &gt; Yleiset asetukset &gt; Kirjaukset lukittu &#8230; saakka.<\/strong> Muista tallentaa asetukset sivun alareunasta.<\/p>\n\n\n\n<figure class=\"wp-block-image size-large\"><a href=\"https:\/\/support.simplbooks.fi\/fi\/wp-content\/uploads\/2024\/03\/Kirjaukset-lukittu.png\"><img loading=\"lazy\" decoding=\"async\" width=\"1024\" height=\"714\" src=\"https:\/\/support.simplbooks.fi\/fi\/wp-content\/uploads\/2024\/03\/Kirjaukset-lukittu-1024x714.png\" alt=\"\" class=\"wp-image-9656\" srcset=\"https:\/\/support.simplbooks.fi\/fi\/wp-content\/uploads\/2024\/03\/Kirjaukset-lukittu-1024x714.png 1024w, https:\/\/support.simplbooks.fi\/fi\/wp-content\/uploads\/2024\/03\/Kirjaukset-lukittu-300x209.png 300w, https:\/\/support.simplbooks.fi\/fi\/wp-content\/uploads\/2024\/03\/Kirjaukset-lukittu-768x536.png 768w, https:\/\/support.simplbooks.fi\/fi\/wp-content\/uploads\/2024\/03\/Kirjaukset-lukittu-50x35.png 50w, https:\/\/support.simplbooks.fi\/fi\/wp-content\/uploads\/2024\/03\/Kirjaukset-lukittu-1536x1071.png 1536w, https:\/\/support.simplbooks.fi\/fi\/wp-content\/uploads\/2024\/03\/Kirjaukset-lukittu-920x642.png 920w, https:\/\/support.simplbooks.fi\/fi\/wp-content\/uploads\/2024\/03\/Kirjaukset-lukittu-600x418.png 600w, https:\/\/support.simplbooks.fi\/fi\/wp-content\/uploads\/2024\/03\/Kirjaukset-lukittu-320x223.png 320w, https:\/\/support.simplbooks.fi\/fi\/wp-content\/uploads\/2024\/03\/Kirjaukset-lukittu.png 1580w\" sizes=\"auto, (max-width: 1024px) 100vw, 1024px\" \/><\/a><\/figure>\n\n\n\n<div style=\"height:34px\" aria-hidden=\"true\" class=\"wp-block-spacer\"><\/div>\n\n\n\n<hr class=\"wp-block-separator has-alpha-channel-opacity\"\/>\n\n\n\n<div style=\"height:40px\" aria-hidden=\"true\" class=\"wp-block-spacer\"><\/div>\n\n\n\n<div class=\"su-box su-box-style-default\" id=\"\" style=\"border-color:#7aac84;border-radius:1px\"><div class=\"su-box-title\" style=\"background-color:#ADDFB7;color:#333333;border-top-left-radius:0px;border-top-right-radius:0px\">MUITA AIHEESEEN LIITTYVI\u00c4 OHJEITA:<\/div><div class=\"su-box-content su-u-clearfix su-u-trim\" style=\"border-bottom-left-radius:0px;border-bottom-right-radius:0px\">\n\n\n\n<ul class=\"wp-block-list\">\n<li><a href=\"http:\/\/support.simplbooks.fi\/fi\/kayttoohjeet\/arvonlisaveroasetusten-muuttaminen\/\" target=\"_blank\" rel=\"noreferrer noopener\">Arvonlis\u00e4veroasetusten muuttaminen<\/a><\/li>\n\n\n\n<li><a href=\"https:\/\/support.simplbooks.fi\/fi\/kayttoohjeet\/alv-integraation-luonti-ja-arvonlisaveroilmoituksen-lahettattaminen-verottajalle\/\" data-type=\"URL\" data-id=\"https:\/\/support.simplbooks.fi\/fi\/kayttoohjeet\/alv-integraation-luonti-ja-arvonlisaveroilmoituksen-lahettattaminen-verottajalle\/\" target=\"_blank\" rel=\"noreferrer noopener\">Alv-integraatio ja alv-ilmoituksen l\u00e4hett\u00e4minen suoraan ohjelmasta<\/a><\/li>\n\n\n\n<li><a href=\"https:\/\/support.simplbooks.fi\/fi\/kayttoohjeet\/arvonlisaveron-erityisjarjestelma-one-shop-stop-oss\/\" data-type=\"URL\" data-id=\"https:\/\/support.simplbooks.fi\/fi\/kayttoohjeet\/arvonlisaveron-erityisjarjestelma-one-shop-stop-oss\/\" target=\"_blank\" rel=\"noreferrer noopener\">Arvonlis\u00e4veron erityisj\u00e4rjestelm\u00e4 One Shop Stop (OSS)<\/a><\/li>\n<\/ul>\n\n\n\n<div class=\"su-list\" style=\"margin-left:0px\">\n\n\n\n<\/div><\/div><\/div>\n","protected":false},"author":9,"comment_status":"open","ping_status":"closed","template":"","format":"standard","meta":{"footnotes":""},"ht_kb_category":[6],"ht_kb_tag":[],"class_list":["post-1184","ht_kb","type-ht_kb","status-publish","format-standard","hentry","ht_kb_category-kirjanpito"],"_links":{"self":[{"href":"https:\/\/support.simplbooks.fi\/fi\/wp-json\/wp\/v2\/ht_kb\/1184","targetHints":{"allow":["GET"]}}],"collection":[{"href":"https:\/\/support.simplbooks.fi\/fi\/wp-json\/wp\/v2\/ht_kb"}],"about":[{"href":"https:\/\/support.simplbooks.fi\/fi\/wp-json\/wp\/v2\/types\/ht_kb"}],"author":[{"embeddable":true,"href":"https:\/\/support.simplbooks.fi\/fi\/wp-json\/wp\/v2\/users\/9"}],"replies":[{"embeddable":true,"href":"https:\/\/support.simplbooks.fi\/fi\/wp-json\/wp\/v2\/comments?post=1184"}],"version-history":[{"count":32,"href":"https:\/\/support.simplbooks.fi\/fi\/wp-json\/wp\/v2\/ht_kb\/1184\/revisions"}],"predecessor-version":[{"id":9672,"href":"https:\/\/support.simplbooks.fi\/fi\/wp-json\/wp\/v2\/ht_kb\/1184\/revisions\/9672"}],"wp:attachment":[{"href":"https:\/\/support.simplbooks.fi\/fi\/wp-json\/wp\/v2\/media?parent=1184"}],"wp:term":[{"taxonomy":"ht_kb_category","embeddable":true,"href":"https:\/\/support.simplbooks.fi\/fi\/wp-json\/wp\/v2\/ht_kb_category?post=1184"},{"taxonomy":"ht_kb_tag","embeddable":true,"href":"https:\/\/support.simplbooks.fi\/fi\/wp-json\/wp\/v2\/ht_kb_tag?post=1184"}],"curies":[{"name":"wp","href":"https:\/\/api.w.org\/{rel}","templated":true}]}}